{"id":29,"date":"2017-11-16T11:20:59","date_gmt":"2017-11-16T11:20:59","guid":{"rendered":"http:\/\/audiesa.com\/?page_id=29"},"modified":"2017-11-20T11:02:47","modified_gmt":"2017-11-20T11:02:47","slug":"contacto","status":"publish","type":"page","link":"http:\/\/audiesa.com\/?page_id=29","title":{"rendered":"Contacto"},"content":{"rendered":"<p class=\"western\" align=\"justify\"><span style=\"font-family: 'Times New Roman', serif;\"><span style=\"font-family: Arial, serif;\"><span style=\"font-size: small;\">AUDITOR\u00cdA Y DIAGN\u00d3STICO EMPRESARIAL, S.A.<br \/>\n<\/span><\/span><\/span><span style=\"font-family: 'Times New Roman', serif;\"><span style=\"font-family: Arial, serif;\"><span style=\"font-size: small;\">C\/ Luciano Ca\u00f1o, 4 \u2013 1\u00ba<br \/>\n<\/span><\/span><\/span><span style=\"font-family: 'Times New Roman', serif;\"><span style=\"font-family: Arial, serif;\"><span style=\"font-size: small;\">15004 A Coru\u00f1a<br \/>\n<\/span><\/span><\/span><span style=\"font-family: 'Times New Roman', serif;\"><span style=\"font-family: Arial, serif;\"><span style=\"font-size: small;\">Tlf. 981 16 00 44<br \/>\n<\/span><\/span><\/span><span style=\"font-family: 'Times New Roman', serif;\"><span style=\"font-family: Arial, serif;\"><span style=\"font-size: small;\">Fax 981 14 57 32<\/span><\/span><\/span><\/p>\n<p class=\"western\" align=\"justify\"><span style=\"font-family: 'Times New Roman', serif;\"><span style=\"font-family: Arial, serif;\"><span style=\"font-size: small;\">Email: <a href=\"mailto:clientes@audiesa.com\">clientes@audiesa.com<\/a><i> <\/i><\/span><\/span><\/span><\/p>\n\n<div class=\"wpcf7 no-js\" id=\"wpcf7-f15-o1\" lang=\"es-ES\" dir=\"ltr\">\n<div class=\"screen-reader-response\"><p role=\"status\" aria-live=\"polite\" aria-atomic=\"true\"><\/p> <ul><\/ul><\/div>\n<form action=\"\/index.php?rest_route=%2Fwp%2Fv2%2Fpages%2F29#wpcf7-f15-o1\" method=\"post\" class=\"wpcf7-form init\" aria-label=\"Formulario de contacto\" novalidate=\"novalidate\" data-status=\"init\">\n<div style=\"display: none;\">\n<input type=\"hidden\" name=\"_wpcf7\" value=\"15\" \/>\n<input type=\"hidden\" name=\"_wpcf7_version\" value=\"5.9.3\" \/>\n<input type=\"hidden\" name=\"_wpcf7_locale\" value=\"es_ES\" \/>\n<input type=\"hidden\" name=\"_wpcf7_unit_tag\" value=\"wpcf7-f15-o1\" \/>\n<input type=\"hidden\" name=\"_wpcf7_container_post\" value=\"0\" \/>\n<input type=\"hidden\" name=\"_wpcf7_posted_data_hash\" value=\"\" \/>\n<\/div>\n<p><label> Nombre (requerido)<br \/>\n<span class=\"wpcf7-form-control-wrap\" data-name=\"your-name\"><input size=\"40\" class=\"wpcf7-form-control wpcf7-text wpcf7-validates-as-required\" aria-required=\"true\" aria-invalid=\"false\" value=\"\" type=\"text\" name=\"your-name\" \/><\/span> <\/label>\n<\/p>\n<p><label> Tu correo electr\u00f3nico (requerido)<br \/>\n<span class=\"wpcf7-form-control-wrap\" data-name=\"your-email\"><input size=\"40\" class=\"wpcf7-form-control wpcf7-email wpcf7-validates-as-required wpcf7-text wpcf7-validates-as-email\" aria-required=\"true\" aria-invalid=\"false\" value=\"\" type=\"email\" name=\"your-email\" \/><\/span> <\/label>\n<\/p>\n<p><label> Asunto<br \/>\n<span class=\"wpcf7-form-control-wrap\" data-name=\"your-subject\"><input size=\"40\" class=\"wpcf7-form-control wpcf7-text\" aria-invalid=\"false\" value=\"\" type=\"text\" name=\"your-subject\" \/><\/span> <\/label>\n<\/p>\n<p><label> Mensaje<br \/>\n<span class=\"wpcf7-form-control-wrap\" data-name=\"your-message\"><textarea cols=\"40\" rows=\"10\" class=\"wpcf7-form-control wpcf7-textarea\" aria-invalid=\"false\" name=\"your-message\"><\/textarea><\/span> <\/label><br \/>\n<label> Tel\u00e9fono<br \/>\n<span class=\"wpcf7-form-control-wrap\" data-name=\"Telfono\"><input size=\"40\" class=\"wpcf7-form-control wpcf7-tel wpcf7-text wpcf7-validates-as-tel\" aria-invalid=\"false\" value=\"\" type=\"tel\" name=\"Telfono\" \/><\/span><\/label>\n<\/p>\n<p>De conformidad con lo establecido en la normativa vigente en Protecci\u00f3n de Datos de Car\u00e1cter Personal, le informamos que sus datos ser\u00e1n incorporados al sistema de tratamiento titularidad de AUDITORIA Y DIAGNOSTICO EMPRESARIAL, S.A. con CIF A15240815 y domicilio social sito en C\/ Luciano Ca\u00f1o, 4 \u2013 1\u00ba, 15004, A CORU\u00d1A, con la finalidad de atender sus consultas y remitirle informaci\u00f3n relacionada que pueda ser de su inter\u00e9s. En cumplimiento con la normativa vigente, AUDITORIA Y DIAGNOSTICO EMPRESARIAL, S.A. informa que los datos ser\u00e1n conservados durante el plazo estrictamente necesario para cumplir con los preceptos mencionados con anterioridad.\n<\/p>\n<p>Mientras no nos comunique lo contrario, entenderemos que sus datos no han sido modificados, que usted se compromete a notificarnos cualquier variaci\u00f3n y que tenemos su consentimiento para utilizarlos para las finalidades mencionadas.\n<\/p>\n<p>AUDITORIA Y DIAGNOSTICO EMPRESARIAL, S.A.informa que proceder\u00e1 a tratar los datos de manera l\u00edcita, leal, transparente, adecuada, pertinente, limitada, exacta y actualizada. Es por ello que AUDITORIA Y DIAGNOSTICO EMPRESARIAL, S.A. se compromete a adoptar todas las medidas razonables para que estos se supriman o rectifiquen sin dilaci\u00f3n cuando sean inexactos.\n<\/p>\n<p>De acuerdo con los derechos que le confiere la normativa vigente en protecci\u00f3n de datos podr\u00e1 ejercer los derechos de acceso, rectificaci\u00f3n, limitaci\u00f3n de tratamiento, supresi\u00f3n, portabilidad y oposici\u00f3n al tratamiento de sus datos de car\u00e1cter personal as\u00ed como del consentimiento prestado para el tratamiento de los mismos, dirigiendo su petici\u00f3n a la direcci\u00f3n postal indicada m\u00e1s arriba o al correo electr\u00f3nico clientes@audiesa.com.\n<\/p>\n<p>Podr\u00e1 dirigirse a la Autoridad de Control competente para presentar la reclamaci\u00f3n que considere oportuna.\n<\/p>\n<p>En cumplimiento de las disposiciones de la Ley 2\/2023, de 20 de febrero, contamos con un Canal de Denuncias (Sistema Interno de Informaci\u00f3n) al que se puede acceder a trav\u00e9s del siguiente enlace https:\/\/audiesa.etiq.es\/\n<\/p>\n<p>Con env\u00edo del formulario de recogida de datos usted acepta la pol\u00edtica de privacidad de AUDITORIA Y DIAGNOSTICO EMPRESARIAL, S.A.<br \/>\n<input class=\"wpcf7-form-control wpcf7-submit has-spinner\" type=\"submit\" value=\"Enviar\" \/>\n<\/p><div class=\"wpcf7-response-output\" aria-hidden=\"true\"><\/div>\n<\/form>\n<\/div>\n\n","protected":false},"excerpt":{"rendered":"<p>AUDITOR\u00cdA Y DIAGN\u00d3STICO EMPRESARIAL, S.A. C\/ Luciano Ca\u00f1o, 4 \u2013 1\u00ba 15004 A Coru\u00f1a Tlf. 981 16 00 44 Fax 981 14 57 32 Email: clientes@audiesa.com<\/p>\n","protected":false},"author":1,"featured_media":0,"parent":0,"menu_order":0,"comment_status":"closed","ping_status":"closed","template":"","meta":{"footnotes":""},"_links":{"self":[{"href":"http:\/\/audiesa.com\/index.php?rest_route=\/wp\/v2\/pages\/29"}],"collection":[{"href":"http:\/\/audiesa.com\/index.php?rest_route=\/wp\/v2\/pages"}],"about":[{"href":"http:\/\/audiesa.com\/index.php?rest_route=\/wp\/v2\/types\/page"}],"author":[{"embeddable":true,"href":"http:\/\/audiesa.com\/index.php?rest_route=\/wp\/v2\/users\/1"}],"replies":[{"embeddable":true,"href":"http:\/\/audiesa.com\/index.php?rest_route=%2Fwp%2Fv2%2Fcomments&post=29"}],"version-history":[{"count":2,"href":"http:\/\/audiesa.com\/index.php?rest_route=\/wp\/v2\/pages\/29\/revisions"}],"predecessor-version":[{"id":65,"href":"http:\/\/audiesa.com\/index.php?rest_route=\/wp\/v2\/pages\/29\/revisions\/65"}],"wp:attachment":[{"href":"http:\/\/audiesa.com\/index.php?rest_route=%2Fwp%2Fv2%2Fmedia&parent=29"}],"curies":[{"name":"wp","href":"https:\/\/api.w.org\/{rel}","templated":true}]}}